{"id":13,"date":"2023-06-06T19:44:39","date_gmt":"2023-06-06T18:44:39","guid":{"rendered":"https:\/\/mame.test\/?page_id=13"},"modified":"2026-03-24T20:08:20","modified_gmt":"2026-03-24T19:08:20","slug":"about-us","status":"publish","type":"page","link":"https:\/\/mame.coffee\/fr\/about-us\/","title":{"rendered":"A propos de nous"},"content":{"rendered":"<div class=\"wp-block-group is-layout-constrained wp-block-group-is-layout-constrained\"><h1 class=\"wp-block-heading mb-4\">Notre mission: inspirer les meilleurs baristas et brewers !<\/h1>\n\n<p class=\"has-title-5-font-size\">Les fondateurs, Emi et Mathieu, se sont rencontr\u00e9s \u00e0 travers les comp\u00e9titions de caf\u00e9 et ont voulu cr\u00e9er une communaut\u00e9 o\u00f9 chacun peut savourer le caf\u00e9 de sp\u00e9cialit\u00e9 dans toute son excellence.<\/p><\/div><div class=\"wp-block-group is-layout-constrained wp-block-group-is-layout-constrained\"><p>MAME est n\u00e9 en 2016 et tire son nom du mot japonais signifiant \u00ab grains \u00bb. Cette r\u00e9f\u00e9rence \u00e0 la culture japonaise refl\u00e8te notre profond engagement envers le caf\u00e9 de sp\u00e9cialit\u00e9 et notre fascination pour son artisanat.&nbsp;<\/p>\n\n<figure class=\"wp-block-image size-large\"><img loading=\"lazy\" decoding=\"async\" width=\"1024\" height=\"683\" src=\"https:\/\/mame.coffee\/app\/uploads\/2025\/01\/Mathieu-Theis-1024x683.webp\" alt=\"\" class=\"wp-image-2832\" srcset=\"https:\/\/mame.coffee\/app\/uploads\/2025\/01\/Mathieu-Theis-1024x683.webp 1024w, https:\/\/mame.coffee\/app\/uploads\/2025\/01\/Mathieu-Theis-300x200.webp 300w, https:\/\/mame.coffee\/app\/uploads\/2025\/01\/Mathieu-Theis-768x512.webp 768w, https:\/\/mame.coffee\/app\/uploads\/2025\/01\/Mathieu-Theis-1536x1024.webp 1536w, https:\/\/mame.coffee\/app\/uploads\/2025\/01\/Mathieu-Theis-600x400.webp 600w, https:\/\/mame.coffee\/app\/uploads\/2025\/01\/Mathieu-Theis-782x521.webp 782w, https:\/\/mame.coffee\/app\/uploads\/2025\/01\/Mathieu-Theis-1080x720.webp 1080w, https:\/\/mame.coffee\/app\/uploads\/2025\/01\/Mathieu-Theis-1280x854.webp 1280w, https:\/\/mame.coffee\/app\/uploads\/2025\/01\/Mathieu-Theis.webp 1600w\" sizes=\"auto, (max-width: 1024px) 100vw, 1024px\" \/><\/figure>\n\n<p>Les comp\u00e9titions de caf\u00e9 ont \u00e9t\u00e9 \u00e0 la fois le point de d\u00e9part et un voyage continu pour MAME \u2013 un moyen d'apprendre sans cesse, de repousser les limites, d'acqu\u00e9rir de nouvelles connaissances et de tisser des amiti\u00e9s.<\/p>\n\n<div class=\"wp-block-columns pattern-content-teaser-large is-layout-flex wp-container-core-columns-is-layout-1 wp-block-columns-is-layout-flex\"><div class=\"wp-block-column col-image is-layout-flow wp-block-column-is-layout-flow\" style=\"flex-basis:50%\"><div class=\"wp-block-group alignwide is-content-justification-space-between is-nowrap is-layout-flex wp-container-core-group-is-layout-2 wp-block-group-is-layout-flex\"><figure class=\"wp-block-image size-medium is-resized\"><img loading=\"lazy\" decoding=\"async\" width=\"300\" height=\"300\" src=\"https:\/\/mame.coffee\/app\/uploads\/2024\/01\/bs-emi-fukahori-lrg-edited-300x300.jpg\" alt=\"\" class=\"wp-image-871\" style=\"width:411px;height:auto\" srcset=\"https:\/\/mame.coffee\/app\/uploads\/2024\/01\/bs-emi-fukahori-lrg-edited-300x300.jpg 300w, https:\/\/mame.coffee\/app\/uploads\/2024\/01\/bs-emi-fukahori-lrg-edited-600x600.jpg 600w, https:\/\/mame.coffee\/app\/uploads\/2024\/01\/bs-emi-fukahori-lrg-edited-100x100.jpg 100w, https:\/\/mame.coffee\/app\/uploads\/2024\/01\/bs-emi-fukahori-lrg-edited-150x150.jpg 150w, https:\/\/mame.coffee\/app\/uploads\/2024\/01\/bs-emi-fukahori-lrg-edited-768x768.jpg 768w, https:\/\/mame.coffee\/app\/uploads\/2024\/01\/bs-emi-fukahori-lrg-edited-782x782.jpg 782w, https:\/\/mame.coffee\/app\/uploads\/2024\/01\/bs-emi-fukahori-lrg-edited.jpg 800w\" sizes=\"auto, (max-width: 300px) 100vw, 300px\" \/><\/figure><\/div><\/div>\n\n<div class=\"wp-block-column is-vertically-aligned-center col-content is-layout-flow wp-block-column-is-layout-flow\" style=\"flex-basis:50%\"><h2 class=\"wp-block-heading mb-4 has-title-3-font-size\">EMI FukaHORI<\/h2>\n\n<p>N\u00e9e au Japon et install\u00e9e \u00e0 Zurich, Emi a cofond\u00e9 MAME avec le r\u00eave de cr\u00e9er un espace d\u00e9di\u00e9 \u00e0 la c\u00e9l\u00e9bration du caf\u00e9 de sp\u00e9cialit\u00e9. En plus de concourir et de coacher des candidats aux championnats, elle parcourt le monde pour partager sa passion de l\u2019infusion et de l\u2019extraction du caf\u00e9. <\/p><\/div><\/div>\n\n<div class=\"wp-block-columns pattern-content-teaser-large is-layout-flex wp-container-core-columns-is-layout-2 wp-block-columns-is-layout-flex\"><div class=\"wp-block-column col-image is-layout-flow wp-block-column-is-layout-flow\" style=\"flex-basis:50%\"><div class=\"wp-block-group alignwide is-nowrap is-layout-flex wp-container-core-group-is-layout-3 wp-block-group-is-layout-flex\"><figure class=\"wp-block-image size-large is-resized\"><img loading=\"lazy\" decoding=\"async\" width=\"1667\" height=\"1667\" src=\"https:\/\/mame.coffee\/app\/uploads\/2024\/01\/WBC-Semi-Mathieu_12-edited.jpg\" alt=\"\" class=\"wp-image-872\" style=\"width:412px;height:auto\" srcset=\"https:\/\/mame.coffee\/app\/uploads\/2024\/01\/WBC-Semi-Mathieu_12-edited.jpg 1667w, https:\/\/mame.coffee\/app\/uploads\/2024\/01\/WBC-Semi-Mathieu_12-edited-600x600.jpg 600w, https:\/\/mame.coffee\/app\/uploads\/2024\/01\/WBC-Semi-Mathieu_12-edited-100x100.jpg 100w, https:\/\/mame.coffee\/app\/uploads\/2024\/01\/WBC-Semi-Mathieu_12-edited-300x300.jpg 300w, https:\/\/mame.coffee\/app\/uploads\/2024\/01\/WBC-Semi-Mathieu_12-edited-1024x1024.jpg 1024w, https:\/\/mame.coffee\/app\/uploads\/2024\/01\/WBC-Semi-Mathieu_12-edited-150x150.jpg 150w, https:\/\/mame.coffee\/app\/uploads\/2024\/01\/WBC-Semi-Mathieu_12-edited-768x768.jpg 768w, https:\/\/mame.coffee\/app\/uploads\/2024\/01\/WBC-Semi-Mathieu_12-edited-1536x1536.jpg 1536w, https:\/\/mame.coffee\/app\/uploads\/2024\/01\/WBC-Semi-Mathieu_12-edited-782x782.jpg 782w, https:\/\/mame.coffee\/app\/uploads\/2024\/01\/WBC-Semi-Mathieu_12-edited-1080x1080.jpg 1080w, https:\/\/mame.coffee\/app\/uploads\/2024\/01\/WBC-Semi-Mathieu_12-edited-1280x1280.jpg 1280w\" sizes=\"auto, (max-width: 1667px) 100vw, 1667px\" \/><\/figure><\/div><\/div>\n\n<div class=\"wp-block-column is-vertically-aligned-center col-content is-layout-flow wp-block-column-is-layout-flow\" style=\"flex-basis:50%\"><h2 class=\"wp-block-heading mb-4 has-title-3-font-size\">MATHIEU THEIS<\/h2>\n\n<p>N\u00e9 en France et install\u00e9 \u00e0 Zurich, Mathieu a cofond\u00e9 MAME avec la conviction que le caf\u00e9 de sp\u00e9cialit\u00e9 pouvait transformer des vies \u2013 tout comme il a transform\u00e9 la sienne. Toujours \u00e0 la recherche de caf\u00e9s verts d\u2019exception \u00e0 torr\u00e9fier chez MAME, il se consacre \u00e9galement au d\u00e9veloppement de la communaut\u00e9 MAME en Suisse et au-del\u00e0. <\/p><\/div><\/div>\n\n<h2 class=\"wp-block-heading\">CHAMPIONSHIP<\/h2>\n\n<ul class=\"wp-block-list\"><li><strong>2015<\/strong>: Suisse Barista Champion \u2013 Emi Fukahori<\/li>\n\n<li><strong>2016<\/strong>: Suisse Barista Champion \u2013 Mathieu Theis<\/li>\n\n<li><strong>2018<\/strong>: Suisse Barista Champion \u2013 Mathieu Theis<\/li>\n\n<li><strong>2018<\/strong>: Suisse Brewers Cup Champion \u2013 Emi Fukahori<\/li>\n\n<li><strong>2018<\/strong>: 3\u00e8me championnat du monde Barista\u2013 Mathieu Theis<\/li>\n\n<li><strong>2018<\/strong>: Championne du monde Brewers Cup \u2013 Emi Fukahori<\/li>\n\n<li><strong>2019<\/strong>: Suisse Barista Champion \u2013 Mathieu Theis<\/li>\n\n<li><strong>2019<\/strong>: 6\u00e8me championnat du monde Barista \u2013 Mathieu Theis<\/li>\n\n<li><strong>2020<\/strong>: Suisse Barista Champion \u2013 Emi Fukahori<\/li>\n\n<li><strong>2021<\/strong>: 4\u00e8me championnat du monde Barista \u2013 Emi Fukahori<\/li>\n\n<li><strong>2021<\/strong>: 8\u00e8me championnat du monde Barista \u2013 Daniele Ricci<\/li>\n\n<li><strong>2022<\/strong>: 4\u00e8me championnat du monde Barista \u2013 Taka Ishitani (Japonais Barista Champion)<\/li>\n\n<li><strong>2023:<\/strong> : Polonaise Barista Champion \u2013 Dominika Kowarska<\/li>\n\n<li><strong>2023<\/strong>: 2\u00e8me championnat du monde Barista \u2013 Daniele Ricci (Italien Barista Champion)<\/li>\n\n<li><strong>2024<\/strong>: Swiss Brewers Cup Champion &#8211; Suki Hiu Yeung Ma<\/li>\n\n<li><strong>2024<\/strong>: 3\u00e8me championnat du monde Barista \u2013 Taka Ishitani (Japonais Barista Champion)<\/li>\n\n<li><strong>2024<\/strong>: 8\u00e8me championnat du monde Barista \u2013 Mathieu Theis (Suisse Barista Champion)<\/li>\n\n<li><strong>2024<\/strong>: World Brewers Cup Championship 16th &#8211; Suki Hiu Yeung Ma<\/li>\n\n<li><strong>2025<\/strong>: Swiss Brewers Cup Champion &#8211; Suki Hiu Yeung Ma<\/li>\n\n<li><strong>2025<\/strong>: Czech Brewers Cup Champion &#8211; Barbora Ma\u0159\u00e1kov\u00e1<\/li>\n\n<li><strong>2025 :<\/strong> Czech Latte Art Champion &#8211; Barbora Marakova<\/li>\n\n<li><strong>2025 :<\/strong> World Brewers Cup Championship 2nd &#8211; Bayu Prawiro (Indonesia)<\/li>\n\n<li><strong>2025 :<\/strong> World Brewers Cup Championship 4th &#8211; Elysia Tan (Singapore)<\/li>\n\n<li><strong>2025 :<\/strong> World Brewers&nbsp;Cup Championship 18th Suki Hiu Yeung Ma (Switzerland)<\/li>\n\n<li><strong>2025 :<\/strong> World Brewers Cup Championship 26th Barbora Marakova (Czech Republic)<\/li>\n\n<li><strong>2026<\/strong> : Suisse Barista Champion \u2013 Mathieu Theis<\/li>\n\n<li><strong>2026<\/strong> : Swiss Coffee in Good Spirits Champion &#8211; Suki Hiu Yeung Ma<\/li>\n\n<li><strong>2026<\/strong> : Japan Coffee in Good Spirits Champion &#8211; Akira Zushi<\/li><\/ul>\n\n<p>MAME brille sur la sc\u00e8ne mondiale depuis 2015, atteignant les finales depuis 2018, et cette aventure passionnante continue.<\/p>\n\n<p>En 2020, nous avons commenc\u00e9 \u00e0 s\u00e9lectionner et torr\u00e9fier nos propres caf\u00e9s, en recherchant l\u2019\u00e9quilibre parfait pour nos torr\u00e9factions espresso et une vivacit\u00e9 juteuse pour nos torr\u00e9factions filtre. Chaque caf\u00e9 est soigneusement s\u00e9lectionn\u00e9, r\u00e9fl\u00e9chi et cartographi\u00e9 sur notre roue des saveurs afin de garantir la meilleure exp\u00e9rience gustative possible. <\/p>\n\n<figure class=\"wp-block-image aligncenter size-large is-resized\"><img loading=\"lazy\" decoding=\"async\" width=\"710\" height=\"947\" src=\"https:\/\/mame.coffee\/app\/uploads\/2024\/05\/IMG_1236-Large-edited-2.jpeg\" alt=\"\" class=\"wp-image-1049\" style=\"width:454px;height:auto\" srcset=\"https:\/\/mame.coffee\/app\/uploads\/2024\/05\/IMG_1236-Large-edited-2.jpeg 710w, https:\/\/mame.coffee\/app\/uploads\/2024\/05\/IMG_1236-Large-edited-2-225x300.jpeg 225w, https:\/\/mame.coffee\/app\/uploads\/2024\/05\/IMG_1236-Large-edited-2-600x800.jpeg 600w, https:\/\/mame.coffee\/app\/uploads\/2024\/05\/IMG_1236-Large-edited-2-450x600.jpeg 450w\" sizes=\"auto, (max-width: 710px) 100vw, 710px\" \/><\/figure>\n\n<p class=\"has-text-align-left\">Que vous savouriez le caf\u00e9 au quotidien ou lors d\u2019occasions sp\u00e9ciales, nous esp\u00e9rons que vous trouverez votre pr\u00e9f\u00e9r\u00e9 parmi notre collection !.<\/p>\n\n<div class=\"wp-block-group pattern-content-teaser-small is-layout-constrained wp-block-group-is-layout-constrained\"><div class=\"wp-block-columns is-layout-flex wp-container-core-columns-is-layout-3 wp-block-columns-is-layout-flex\"><div class=\"wp-block-column is-layout-flow wp-block-column-is-layout-flow\"><figure class=\"wp-block-image size-large is-style-default\"><img loading=\"lazy\" decoding=\"async\" width=\"1024\" height=\"683\" src=\"https:\/\/mame.coffee\/app\/uploads\/2024\/01\/shop-1024x683.jpg\" alt=\"\" class=\"wp-image-720\" srcset=\"https:\/\/mame.coffee\/app\/uploads\/2024\/01\/shop-1024x683.jpg 1024w, https:\/\/mame.coffee\/app\/uploads\/2024\/01\/shop-600x400.jpg 600w, https:\/\/mame.coffee\/app\/uploads\/2024\/01\/shop-300x200.jpg 300w, https:\/\/mame.coffee\/app\/uploads\/2024\/01\/shop-768x512.jpg 768w, https:\/\/mame.coffee\/app\/uploads\/2024\/01\/shop-1536x1024.jpg 1536w, https:\/\/mame.coffee\/app\/uploads\/2024\/01\/shop-2048x1365.jpg 2048w, https:\/\/mame.coffee\/app\/uploads\/2024\/01\/shop-782x521.jpg 782w, https:\/\/mame.coffee\/app\/uploads\/2024\/01\/shop-1080x720.jpg 1080w, https:\/\/mame.coffee\/app\/uploads\/2024\/01\/shop-1280x853.jpg 1280w\" sizes=\"auto, (max-width: 1024px) 100vw, 1024px\" \/><\/figure><\/div>\n\n<div class=\"wp-block-column is-vertically-aligned-center is-layout-flow wp-block-column-is-layout-flow\"><h4 class=\"wp-block-heading mb-4 has-title-4-font-size\">CAF\u00c9S \/ R\u00d6STEREI<\/h4>\n\n<p>Octobre 2016 \u2013 MAME Josef<br>Juillet 2018 \u2013 MAME Seefeld\u00a0<br>Novembre 2019 \u2013 MAME Torr\u00e9faction\u00a0<br>Septembre 2023 \u2013 MAME Plainpalais<br>Octobre 2023 \u2013 MAME Bahnhofstrasse\u00a0<br>2023 December &#8211; MAME Saint-Gervais<br>2025 June &#8211; KURO MAME Tokyo<br>2026 February &#8211; MAME Getrud<\/p><\/div><\/div>\n\n<ul class=\"wp-block-list\"><li><a href=\"https:\/\/www.gaultmillau.ch\/zuri-isst\/mame-meisterhafter-kaffee\" target=\"_blank\" rel=\"noreferrer noopener\">gaultmillau.ch\/zuri-isst\/mame-meisterhafter-kaffee<\/a><\/li>\n\n<li><a href=\"https:\/\/www.hellozurich.ch\/en\/location\/mame.html\" target=\"_blank\" rel=\"noreferrer noopener\">hellozurich.ch\/en\/location\/mame.html<\/a><\/li>\n\n<li><a href=\"https:\/\/wiewaersmalmit.ch\/Cafe-MAME-Im-Gesprach-mit-Emi-Fukahori-und-Mathieu-Theis\" target=\"_blank\" rel=\"noreferrer noopener\">wiewaersmalmit.ch\/Cafe-MAME-Im-Gesprach-mit-Emi-Fukahori-und-Mathieu-Theis<\/a><\/li>\n\n<li><a href=\"https:\/\/brutus.jp\/en\/post-442320\/\">brutus.jp\/en\/post-442320\/<\/a><\/li><\/ul><\/div><\/div><div class=\"wp-block-group is-layout-constrained wp-block-group-is-layout-constrained\"><\/div>","protected":false},"excerpt":{"rendered":"<p>We aim to inspire the best baristas and brewers! The founders Emi and Mathieu, met through coffee championships and wanted to create a community where people can enjoy specialty coffee at its best. MAME was born in 2016 and named after the Japanese word for \u2018beans\u2019. The reference to Japanese culture reflects a deep dedication &hellip; <a href=\"https:\/\/mame.coffee\/fr\/about-us\/\">Continued<\/a><\/p>","protected":false},"author":1,"featured_media":0,"parent":0,"menu_order":0,"comment_status":"closed","ping_status":"closed","template":"","meta":{"_acf_changed":false,"inline_featured_image":false,"footnotes":""},"class_list":["post-13","page","type-page","status-publish","hentry"],"acf":[],"_links":{"self":[{"href":"https:\/\/mame.coffee\/fr\/wp-json\/wp\/v2\/pages\/13","targetHints":{"allow":["GET"]}}],"collection":[{"href":"https:\/\/mame.coffee\/fr\/wp-json\/wp\/v2\/pages"}],"about":[{"href":"https:\/\/mame.coffee\/fr\/wp-json\/wp\/v2\/types\/page"}],"author":[{"embeddable":true,"href":"https:\/\/mame.coffee\/fr\/wp-json\/wp\/v2\/users\/1"}],"replies":[{"embeddable":true,"href":"https:\/\/mame.coffee\/fr\/wp-json\/wp\/v2\/comments?post=13"}],"version-history":[{"count":85,"href":"https:\/\/mame.coffee\/fr\/wp-json\/wp\/v2\/pages\/13\/revisions"}],"predecessor-version":[{"id":7607,"href":"https:\/\/mame.coffee\/fr\/wp-json\/wp\/v2\/pages\/13\/revisions\/7607"}],"wp:attachment":[{"href":"https:\/\/mame.coffee\/fr\/wp-json\/wp\/v2\/media?parent=13"}],"curies":[{"name":"wp","href":"https:\/\/api.w.org\/{rel}","templated":true}]}}